{"id":3412,"date":"2021-10-09T10:35:16","date_gmt":"2021-10-09T07:35:16","guid":{"rendered":"https:\/\/glimsgloms.fi\/?post_type=arvio&#038;p=3412"},"modified":"2023-08-24T11:34:31","modified_gmt":"2023-08-24T08:34:31","slug":"glims-glomsin-mainio-antti-puuhaara-elavoittaa-syksyisen-paivan","status":"publish","type":"arvio","link":"https:\/\/glimsgloms.fi\/sv\/arvio\/glims-glomsin-mainio-antti-puuhaara-elavoittaa-syksyisen-paivan\/","title":{"rendered":"Glims &#038; Glomsin mainio Antti Puuhaara el\u00e4v\u00f6itt\u00e4\u00e4 syksyisen p\u00e4iv\u00e4n"},"content":{"rendered":"\n<p><strong>Espoolainen Tanssiteatteri Glims &amp; Gloms perusti jo paljon ennen koronapandemiaa Espoon keskuksessa sijaitsevaan kauppakeskus Entresseen kauppakeskusteatterin. Kyseess\u00e4 on Suomen Kulttuurirahaston tukema hanke, jonka tavoitteena on el\u00e4v\u00f6itt\u00e4\u00e4 tyhjill\u00e4\u00e4n olevia liiketiloja ja tuoda teatteria ihmisten keskelle paikkoihin, joissa he muutenkin liikkuvat. Esitykset ovat koko perheelle suunnattua fyysist\u00e4 ja nukketeatteria.<\/strong><\/p>\n\n\n\n<p>Pandemia katkaisi hyvin alkaneen toiminnan. Nyt kauppakeskusteatteri on aloittanut uudelleen uudella esityksell\u00e4. Vaikka kyseess\u00e4 on pop up-teatteri ja tila on suhteellisen pieni perusliiketila, Glims &amp; Glomsin kauppakeskusteatteri ei ole satunnaisen oloista katuteatteria. Esitystilaan katsomoineen on satsattu niin, ett\u00e4 yleis\u00f6ll\u00e4 on mahdollisuus kokea t\u00e4ysipainoinen teatteriel\u00e4mys.<\/p>\n\n\n\n<p><strong>Henkil\u00f6kunta h\u00e4t\u00e4apuhommissa<\/strong><\/p>\n\n\n\n<p>T\u00e4m\u00e4 n\u00e4kyy my\u00f6s syyskuussa ensi-iltansa saaneessa&nbsp;<em>Antti Puuhaara<\/em>&nbsp;-esityksess\u00e4, joka on suunnattu yli 4-vuotiaille. Esityksen jokaiseen osatekij\u00e4\u00e4n, ja erityisesti sen visuaalisuuteen on panostettu.<\/p>\n\n\n\n<p>Tapahtumapaikkana on Pinkopahvilan kotiseutumuseo, jonne odotetaan teatteriseuruetta esitt\u00e4m\u00e4\u00e4n kansansatuun perustuvaa Antti Puuhaara-esityst\u00e4. V\u00e4\u00e4rink\u00e4sityksen takia ryhm\u00e4 ei saavukaan, joten museon henkil\u00f6kunnan ei auta kuin ryhty\u00e4 itse sadun esitt\u00e4jiksi, kun yleis\u00f6kin on jo paikalla.<\/p>\n\n\n\n<p>Nukke- ja esineteatteriin perustuva esitys pursuaa kekseli\u00e4it\u00e4 nukkeideoita, joista iso osa luodaan ja rakennetaan n\u00e4ytt\u00e4m\u00f6ll\u00e4. Muutenkin&nbsp;<strong>Karoliina Koiso-Kanttilan<\/strong>&nbsp;puvut ja tarpeisto,<strong>&nbsp;Metti Nordinin<\/strong>lavastus ja&nbsp;<strong>Leevi Lehtisen<\/strong>&nbsp;animaatiot ovat herkullisia. Niiss\u00e4 on huumoria, ripaus j\u00e4nnityst\u00e4 ja kauhuakin, v\u00e4rikyll\u00e4isyytt\u00e4 ja sopivasti kansanperinnett\u00e4. T\u00e4m\u00e4 kaikki mitenk\u00e4\u00e4n erityisesti osoittelematta.&nbsp;<strong>Pasi Pehkosen<\/strong>&nbsp;valot ja&nbsp;<strong>Simo Heiskasen<\/strong>&nbsp;musiikki ja \u00e4\u00e4nimaailma tukevat ja muotoilevat omalta osaltaan mainiosti tarinan kulkua.<\/p>\n\n\n\n<p><strong>Tuomo Railon<\/strong>&nbsp;k\u00e4sikirjoitus seurailee selke\u00e4sti monipolvista tarinaa sirotellen mukaan komiikkaa ja aimo annoksen kansanperinnetietouttakin unohtamatta muutamaa ajankohtaista viittausta muun muassa toisten ihmisten ja luonnon kunnioittamiseen. Ohjauksessaan Railo on napakka ja niin rytmityksen kuin toimivan rakenteen sujuvasti hallitseva.<\/p>\n\n\n\n<p>Antti Puuhaaran loistavat esitt\u00e4j\u00e4t&nbsp;<strong>Johanna Kein\u00e4nen<\/strong>,&nbsp;<strong>Kaisa Niemi<\/strong>&nbsp;ja&nbsp;<strong>Tuomo Railo<\/strong>&nbsp;siirtyv\u00e4t sujuvasti n\u00e4yttelij\u00f6ist\u00e4 nukettajiksi ja tanssijoiksikin. Heid\u00e4n tulkinnoissaan museon henkil\u00f6kunnasta ja tarinan monista hahmoista on rehevyytt\u00e4 ja ironiaa, mutta my\u00f6s l\u00e4mp\u00f6\u00e4 ja syd\u00e4mellisyytt\u00e4.<\/p>\n\n\n\n<p>Antti Puuhaarassa on runsaasti tarttumapintaa isommillekin katsojille, se ei miss\u00e4\u00e4n tapauksessa ole mik\u00e4\u00e4n pikkulasten esitys. Vajaan tunnin kest\u00e4v\u00e4 esitys sopii erinomaisesti syksyisen kauppamatkan tai p\u00e4iv\u00e4koti\/koulup\u00e4iv\u00e4n el\u00e4v\u00f6itt\u00e4j\u00e4ksi ja hyv\u00e4n mielen tuojaksi.<\/p>\n\n\n\n<p><strong>Annikki Alku, Demokraatti 8.10.2021<\/strong><\/p>\n","protected":false},"template":"","meta":{"inline_featured_image":false,"_kad_blocks_custom_css":"","_kad_blocks_head_custom_js":"","_kad_blocks_body_custom_js":"","_kad_blocks_footer_custom_js":"","_kad_post_transparent":"","_kad_post_title":"","_kad_post_layout":"","_kad_post_sidebar_id":"","_kad_post_content_style":"","_kad_post_vertical_padding":"","_kad_post_feature":"","_kad_post_feature_position":"","_kad_post_header":false,"_kad_post_footer":false,"_kad_post_classname":"","_links_to":"","_links_to_target":""},"esityskategoria":[39],"class_list":["post-3412","arvio","type-arvio","status-publish","hentry","esityskategoria-antti-puuhaara"],"yoast_head":"<!-- This site is optimized with the Yoast SEO plugin v27.5 - https:\/\/yoast.com\/product\/yoast-seo-wordpress\/ -->\n<title>Glims &amp; Glomsin mainio Antti Puuhaara el\u00e4v\u00f6itt\u00e4\u00e4 syksyisen p\u00e4iv\u00e4n - GLIMS &amp; GLOMS<\/title>\n<meta name=\"description\" content=\"Lue arvio Antti Puuhaara -esityksest\u00e4\" \/>\n<meta name=\"robots\" content=\"index, follow, max-snippet:-1, max-image-preview:large, max-video-preview:-1\" \/>\n<link rel=\"canonical\" href=\"https:\/\/glimsgloms.fi\/arvio\/glims-glomsin-mainio-antti-puuhaara-elavoittaa-syksyisen-paivan\/\" \/>\n<meta property=\"og:locale\" content=\"sv_SE\" \/>\n<meta property=\"og:type\" content=\"article\" \/>\n<meta property=\"og:title\" content=\"Glims &amp; Glomsin mainio Antti Puuhaara el\u00e4v\u00f6itt\u00e4\u00e4 syksyisen p\u00e4iv\u00e4n - GLIMS &amp; GLOMS\" \/>\n<meta property=\"og:description\" content=\"Lue arvio Antti Puuhaara -esityksest\u00e4\" \/>\n<meta property=\"og:url\" content=\"https:\/\/glimsgloms.fi\/arvio\/glims-glomsin-mainio-antti-puuhaara-elavoittaa-syksyisen-paivan\/\" \/>\n<meta property=\"og:site_name\" content=\"GLIMS &amp; GLOMS\" \/>\n<meta property=\"article:publisher\" content=\"https:\/\/www.facebook.com\/glimsgloms\" \/>\n<meta property=\"article:modified_time\" content=\"2023-08-24T08:34:31+00:00\" \/>\n<meta name=\"twitter:card\" content=\"summary_large_image\" \/>\n<meta name=\"twitter:site\" content=\"@Glimsgloms\" \/>\n<meta name=\"twitter:label1\" content=\"Ber\u00e4knad l\u00e4stid\" \/>\n\t<meta name=\"twitter:data1\" content=\"2 minuter\" \/>\n<script type=\"application\/ld+json\" class=\"yoast-schema-graph\">{\"@context\":\"https:\\\/\\\/schema.org\",\"@graph\":[{\"@type\":\"WebPage\",\"@id\":\"https:\\\/\\\/glimsgloms.fi\\\/arvio\\\/glims-glomsin-mainio-antti-puuhaara-elavoittaa-syksyisen-paivan\\\/\",\"url\":\"https:\\\/\\\/glimsgloms.fi\\\/arvio\\\/glims-glomsin-mainio-antti-puuhaara-elavoittaa-syksyisen-paivan\\\/\",\"name\":\"Glims & Glomsin mainio Antti Puuhaara el\u00e4v\u00f6itt\u00e4\u00e4 syksyisen p\u00e4iv\u00e4n - GLIMS &amp; GLOMS\",\"isPartOf\":{\"@id\":\"https:\\\/\\\/glimsgloms.fi\\\/#website\"},\"datePublished\":\"2021-10-09T07:35:16+00:00\",\"dateModified\":\"2023-08-24T08:34:31+00:00\",\"description\":\"Lue arvio Antti Puuhaara -esityksest\u00e4\",\"breadcrumb\":{\"@id\":\"https:\\\/\\\/glimsgloms.fi\\\/arvio\\\/glims-glomsin-mainio-antti-puuhaara-elavoittaa-syksyisen-paivan\\\/#breadcrumb\"},\"inLanguage\":\"sv-SE\",\"potentialAction\":[{\"@type\":\"ReadAction\",\"target\":[\"https:\\\/\\\/glimsgloms.fi\\\/arvio\\\/glims-glomsin-mainio-antti-puuhaara-elavoittaa-syksyisen-paivan\\\/\"]}]},{\"@type\":\"BreadcrumbList\",\"@id\":\"https:\\\/\\\/glimsgloms.fi\\\/arvio\\\/glims-glomsin-mainio-antti-puuhaara-elavoittaa-syksyisen-paivan\\\/#breadcrumb\",\"itemListElement\":[{\"@type\":\"ListItem\",\"position\":1,\"name\":\"Home\",\"item\":\"https:\\\/\\\/glimsgloms.fi\\\/sv\\\/\"},{\"@type\":\"ListItem\",\"position\":2,\"name\":\"Arviot\",\"item\":\"https:\\\/\\\/glimsgloms.fi\\\/sv\\\/arvio\\\/\"},{\"@type\":\"ListItem\",\"position\":3,\"name\":\"Glims &#038; Glomsin mainio Antti Puuhaara el\u00e4v\u00f6itt\u00e4\u00e4 syksyisen p\u00e4iv\u00e4n\"}]},{\"@type\":\"WebSite\",\"@id\":\"https:\\\/\\\/glimsgloms.fi\\\/#website\",\"url\":\"https:\\\/\\\/glimsgloms.fi\\\/\",\"name\":\"GLIMS &amp; GLOMS\",\"description\":\"Dansteater f\u00f6r alla\",\"publisher\":{\"@id\":\"https:\\\/\\\/glimsgloms.fi\\\/#organization\"},\"potentialAction\":[{\"@type\":\"SearchAction\",\"target\":{\"@type\":\"EntryPoint\",\"urlTemplate\":\"https:\\\/\\\/glimsgloms.fi\\\/?s={search_term_string}\"},\"query-input\":{\"@type\":\"PropertyValueSpecification\",\"valueRequired\":true,\"valueName\":\"search_term_string\"}}],\"inLanguage\":\"sv-SE\"},{\"@type\":\"Organization\",\"@id\":\"https:\\\/\\\/glimsgloms.fi\\\/#organization\",\"name\":\"Tanssiteatteri Glims & Gloms - koko perheen teatteri Espoossa\",\"url\":\"https:\\\/\\\/glimsgloms.fi\\\/\",\"logo\":{\"@type\":\"ImageObject\",\"inLanguage\":\"sv-SE\",\"@id\":\"https:\\\/\\\/glimsgloms.fi\\\/#\\\/schema\\\/logo\\\/image\\\/\",\"url\":\"https:\\\/\\\/glimsgloms.fi\\\/wp-content\\\/uploads\\\/2020\\\/10\\\/cropped-GG-1.jpg\",\"contentUrl\":\"https:\\\/\\\/glimsgloms.fi\\\/wp-content\\\/uploads\\\/2020\\\/10\\\/cropped-GG-1.jpg\",\"width\":512,\"height\":512,\"caption\":\"Tanssiteatteri Glims & Gloms - koko perheen teatteri Espoossa\"},\"image\":{\"@id\":\"https:\\\/\\\/glimsgloms.fi\\\/#\\\/schema\\\/logo\\\/image\\\/\"},\"sameAs\":[\"https:\\\/\\\/www.facebook.com\\\/glimsgloms\",\"https:\\\/\\\/x.com\\\/Glimsgloms\",\"https:\\\/\\\/www.instagram.com\\\/glimsgloms\\\/\",\"https:\\\/\\\/www.linkedin.com\\\/company\\\/43366760\\\/admin\\\/\",\"https:\\\/\\\/www.youtube.com\\\/user\\\/GlimsGloms\",\"https:\\\/\\\/fi.wikipedia.org\\\/wiki\\\/Tanssiteatteri_Glims_&_Gloms\"]}]}<\/script>\n<!-- \/ Yoast SEO plugin. -->","yoast_head_json":{"title":"Glims & Glomsin mainio Antti Puuhaara el\u00e4v\u00f6itt\u00e4\u00e4 syksyisen p\u00e4iv\u00e4n - GLIMS &amp; GLOMS","description":"Lue arvio Antti Puuhaara -esityksest\u00e4","robots":{"index":"index","follow":"follow","max-snippet":"max-snippet:-1","max-image-preview":"max-image-preview:large","max-video-preview":"max-video-preview:-1"},"canonical":"https:\/\/glimsgloms.fi\/arvio\/glims-glomsin-mainio-antti-puuhaara-elavoittaa-syksyisen-paivan\/","og_locale":"sv_SE","og_type":"article","og_title":"Glims & Glomsin mainio Antti Puuhaara el\u00e4v\u00f6itt\u00e4\u00e4 syksyisen p\u00e4iv\u00e4n - GLIMS &amp; GLOMS","og_description":"Lue arvio Antti Puuhaara -esityksest\u00e4","og_url":"https:\/\/glimsgloms.fi\/arvio\/glims-glomsin-mainio-antti-puuhaara-elavoittaa-syksyisen-paivan\/","og_site_name":"GLIMS &amp; GLOMS","article_publisher":"https:\/\/www.facebook.com\/glimsgloms","article_modified_time":"2023-08-24T08:34:31+00:00","twitter_card":"summary_large_image","twitter_site":"@Glimsgloms","twitter_misc":{"Ber\u00e4knad l\u00e4stid":"2 minuter"},"schema":{"@context":"https:\/\/schema.org","@graph":[{"@type":"WebPage","@id":"https:\/\/glimsgloms.fi\/arvio\/glims-glomsin-mainio-antti-puuhaara-elavoittaa-syksyisen-paivan\/","url":"https:\/\/glimsgloms.fi\/arvio\/glims-glomsin-mainio-antti-puuhaara-elavoittaa-syksyisen-paivan\/","name":"Glims & Glomsin mainio Antti Puuhaara el\u00e4v\u00f6itt\u00e4\u00e4 syksyisen p\u00e4iv\u00e4n - GLIMS &amp; GLOMS","isPartOf":{"@id":"https:\/\/glimsgloms.fi\/#website"},"datePublished":"2021-10-09T07:35:16+00:00","dateModified":"2023-08-24T08:34:31+00:00","description":"Lue arvio Antti Puuhaara -esityksest\u00e4","breadcrumb":{"@id":"https:\/\/glimsgloms.fi\/arvio\/glims-glomsin-mainio-antti-puuhaara-elavoittaa-syksyisen-paivan\/#breadcrumb"},"inLanguage":"sv-SE","potentialAction":[{"@type":"ReadAction","target":["https:\/\/glimsgloms.fi\/arvio\/glims-glomsin-mainio-antti-puuhaara-elavoittaa-syksyisen-paivan\/"]}]},{"@type":"BreadcrumbList","@id":"https:\/\/glimsgloms.fi\/arvio\/glims-glomsin-mainio-antti-puuhaara-elavoittaa-syksyisen-paivan\/#breadcrumb","itemListElement":[{"@type":"ListItem","position":1,"name":"Home","item":"https:\/\/glimsgloms.fi\/sv\/"},{"@type":"ListItem","position":2,"name":"Arviot","item":"https:\/\/glimsgloms.fi\/sv\/arvio\/"},{"@type":"ListItem","position":3,"name":"Glims &#038; Glomsin mainio Antti Puuhaara el\u00e4v\u00f6itt\u00e4\u00e4 syksyisen p\u00e4iv\u00e4n"}]},{"@type":"WebSite","@id":"https:\/\/glimsgloms.fi\/#website","url":"https:\/\/glimsgloms.fi\/","name":"GLIMS &amp; GLOMS","description":"Dansteater f\u00f6r alla","publisher":{"@id":"https:\/\/glimsgloms.fi\/#organization"},"potentialAction":[{"@type":"SearchAction","target":{"@type":"EntryPoint","urlTemplate":"https:\/\/glimsgloms.fi\/?s={search_term_string}"},"query-input":{"@type":"PropertyValueSpecification","valueRequired":true,"valueName":"search_term_string"}}],"inLanguage":"sv-SE"},{"@type":"Organization","@id":"https:\/\/glimsgloms.fi\/#organization","name":"Tanssiteatteri Glims & Gloms - koko perheen teatteri Espoossa","url":"https:\/\/glimsgloms.fi\/","logo":{"@type":"ImageObject","inLanguage":"sv-SE","@id":"https:\/\/glimsgloms.fi\/#\/schema\/logo\/image\/","url":"https:\/\/glimsgloms.fi\/wp-content\/uploads\/2020\/10\/cropped-GG-1.jpg","contentUrl":"https:\/\/glimsgloms.fi\/wp-content\/uploads\/2020\/10\/cropped-GG-1.jpg","width":512,"height":512,"caption":"Tanssiteatteri Glims & Gloms - koko perheen teatteri Espoossa"},"image":{"@id":"https:\/\/glimsgloms.fi\/#\/schema\/logo\/image\/"},"sameAs":["https:\/\/www.facebook.com\/glimsgloms","https:\/\/x.com\/Glimsgloms","https:\/\/www.instagram.com\/glimsgloms\/","https:\/\/www.linkedin.com\/company\/43366760\/admin\/","https:\/\/www.youtube.com\/user\/GlimsGloms","https:\/\/fi.wikipedia.org\/wiki\/Tanssiteatteri_Glims_&_Gloms"]}]}},"taxonomy_info":{"esityskategoria":[{"value":39,"label":"Antti Puuhaara"}]},"featured_image_src_large":[],"author_info":[],"comment_info":"","_links":{"self":[{"href":"https:\/\/glimsgloms.fi\/sv\/wp-json\/wp\/v2\/arvio\/3412","targetHints":{"allow":["GET"]}}],"collection":[{"href":"https:\/\/glimsgloms.fi\/sv\/wp-json\/wp\/v2\/arvio"}],"about":[{"href":"https:\/\/glimsgloms.fi\/sv\/wp-json\/wp\/v2\/types\/arvio"}],"wp:attachment":[{"href":"https:\/\/glimsgloms.fi\/sv\/wp-json\/wp\/v2\/media?parent=3412"}],"wp:term":[{"taxonomy":"esityskategoria","embeddable":true,"href":"https:\/\/glimsgloms.fi\/sv\/wp-json\/wp\/v2\/esityskategoria?post=3412"}],"curies":[{"name":"wp","href":"https:\/\/api.w.org\/{rel}","templated":true}]}}