{"id":7047,"date":"2026-04-28T16:23:52","date_gmt":"2026-04-28T13:23:52","guid":{"rendered":"https:\/\/glimsgloms.fi\/?post_type=product&#038;p=7047"},"modified":"2026-04-29T10:39:58","modified_gmt":"2026-04-29T07:39:58","slug":"mina-unohdin-miten-suuressa-talossa-asun-tekstin-talo-18-9-2026-klo-18-30","status":"publish","type":"product","link":"https:\/\/glimsgloms.fi\/sv\/product\/mina-unohdin-miten-suuressa-talossa-asun-tekstin-talo-18-9-2026-klo-18-30\/","title":{"rendered":"Min\u00e4 unohdin miten suuressa talossa asun \/ Tekstin talo 18.9.2026, klo 18.30"},"content":{"rendered":"<p>Min\u00e4 unohdin miten suuressa talossa asun -n\u00e4ytt\u00e4m\u00f6teos on liikett\u00e4 ja ihmis\u00e4\u00e4nt\u00e4 yhdist\u00e4v\u00e4 esitys, jossa menneisyys, nykyhetki, eti\u00e4iset tulevasta kohtaavat.<\/p>\n<p>Esityksen kesto: 1h 40 min, sis. v\u00e4liajan<br \/>\nEsityspaikka: Tekstin talo, Parvi-sali \/\u00a0\u00a0<a tabindex=\"0\" href=\"https:\/\/www.google.com\/maps\/place\/\/data=!4m2!3m1!1s0x4692094883230ad1:0xed1a7117f04c4362?sa=X&amp;ved=1t:8290&amp;ictx=111\" data-url=\"\/maps\/place\/\/data=!4m2!3m1!1s0x4692094883230ad1:0xed1a7117f04c4362?sa=X&amp;ved=2ahUKEwiw-JXT0JCUAxWbLRAIHWydNSsQ4kB6BAgNEAA\">Lintulahdenkatu 3, 00530 Helsinki<\/a><\/p>\n<p>Peruslippu: 35 \u20ac<br \/>\nAlennuslippu: 26 \u20ac (el\u00e4kel\u00e4iset, alle 25-vuotiaat, opiskelijat, ty\u00f6tt\u00f6m\u00e4t, siviilipalvelus- ja varushenkil\u00f6t.)<br \/>\nAmmattilaislippu: 20 \u20ac (tilataan s\u00e4hk\u00f6postilla: melinda@glimsgloms.fi)<\/p>\n","protected":false},"excerpt":{"rendered":"<p>Min\u00e4 unohdin miten suuressa talossa asun -n\u00e4ytt\u00e4m\u00f6teos on liikett\u00e4 ja ihmis\u00e4\u00e4nt\u00e4 yhdist\u00e4v\u00e4 esitys, jossa menneisyys, nykyhetki, eti\u00e4iset tulevasta kohtaavat. Esityksen kesto: 1h 40 min, sis. v\u00e4liajan Esityspaikka: Tekstin talo, Parvi-sali \/\u00a0\u00a0Lintulahdenkatu 3, 00530 Helsinki Peruslippu: 35 \u20ac Alennuslippu: 26 \u20ac (el\u00e4kel\u00e4iset, alle 25-vuotiaat, opiskelijat, ty\u00f6tt\u00f6m\u00e4t, siviilipalvelus- ja varushenkil\u00f6t.) Ammattilaislippu: 20 \u20ac (tilataan s\u00e4hk\u00f6postilla: melinda@glimsgloms.fi)<\/p>\n","protected":false},"author":9,"featured_media":3694,"template":"","meta":{"inline_featured_image":false,"_kad_blocks_custom_css":"","_kad_blocks_head_custom_js":"","_kad_blocks_body_custom_js":"","_kad_blocks_footer_custom_js":"","_kad_post_transparent":"default","_kad_post_title":"","_kad_post_layout":"default","_kad_post_sidebar_id":"","_kad_post_content_style":"default","_kad_post_vertical_padding":"default","_kad_post_feature":"","_kad_post_feature_position":"","_kad_post_header":false,"_kad_post_footer":false,"_kad_post_classname":"","_links_to":"","_links_to_target":""},"product_brand":[],"product_cat":[29],"product_tag":[],"esityskategoria":[40],"class_list":{"0":"post-7047","1":"product","2":"type-product","3":"status-publish","4":"has-post-thumbnail","6":"product_cat-paasyliput","7":"esityskategoria-mina-unohdin-miten-suuressa-talossa-asun","9":"first","10":"instock","11":"shipping-taxable","12":"purchasable","13":"product-type-variable","14":"entry","15":"content-bg","16":"loop-entry"},"yoast_head":"<!-- This site is optimized with the Yoast SEO plugin v27.5 - https:\/\/yoast.com\/product\/yoast-seo-wordpress\/ -->\n<title>Min\u00e4 unohdin miten suuressa talossa asun \/ Tekstin talo 18.9.2026, klo 18.30 - GLIMS &amp; GLOMS<\/title>\n<meta name=\"robots\" content=\"index, follow, max-snippet:-1, max-image-preview:large, max-video-preview:-1\" \/>\n<link rel=\"canonical\" href=\"https:\/\/glimsgloms.fi\/product\/mina-unohdin-miten-suuressa-talossa-asun-tekstin-talo-18-9-2026-klo-18-30\/\" \/>\n<meta property=\"og:locale\" content=\"sv_SE\" \/>\n<meta property=\"og:type\" content=\"article\" \/>\n<meta property=\"og:title\" content=\"Min\u00e4 unohdin miten suuressa talossa asun \/ Tekstin talo 18.9.2026, klo 18.30 - GLIMS &amp; GLOMS\" \/>\n<meta property=\"og:description\" content=\"Min\u00e4 unohdin miten suuressa talossa asun -n\u00e4ytt\u00e4m\u00f6teos on liikett\u00e4 ja ihmis\u00e4\u00e4nt\u00e4 yhdist\u00e4v\u00e4 esitys, jossa menneisyys, nykyhetki, eti\u00e4iset tulevasta kohtaavat. Esityksen kesto: 1h 40 min, sis. v\u00e4liajan Esityspaikka: Tekstin talo, Parvi-sali \/\u00a0\u00a0Lintulahdenkatu 3, 00530 Helsinki Peruslippu: 35 \u20ac Alennuslippu: 26 \u20ac (el\u00e4kel\u00e4iset, alle 25-vuotiaat, opiskelijat, ty\u00f6tt\u00f6m\u00e4t, siviilipalvelus- ja varushenkil\u00f6t.) Ammattilaislippu: 20 \u20ac (tilataan s\u00e4hk\u00f6postilla: melinda@glimsgloms.fi)\" \/>\n<meta property=\"og:url\" content=\"https:\/\/glimsgloms.fi\/product\/mina-unohdin-miten-suuressa-talossa-asun-tekstin-talo-18-9-2026-klo-18-30\/\" \/>\n<meta property=\"og:site_name\" content=\"GLIMS &amp; GLOMS\" \/>\n<meta property=\"article:publisher\" content=\"https:\/\/www.facebook.com\/glimsgloms\" \/>\n<meta property=\"article:modified_time\" content=\"2026-04-29T07:39:58+00:00\" \/>\n<meta property=\"og:image\" content=\"https:\/\/glimsgloms.fi\/wp-content\/uploads\/2022\/01\/katse-alas-scaled.jpg\" \/>\n\t<meta property=\"og:image:width\" content=\"2560\" \/>\n\t<meta property=\"og:image:height\" content=\"1611\" \/>\n\t<meta property=\"og:image:type\" content=\"image\/jpeg\" \/>\n<meta name=\"twitter:card\" content=\"summary_large_image\" \/>\n<meta name=\"twitter:site\" content=\"@Glimsgloms\" \/>\n<meta name=\"twitter:label1\" content=\"Ber\u00e4knad l\u00e4stid\" \/>\n\t<meta name=\"twitter:data1\" content=\"1 minut\" \/>\n<script type=\"application\/ld+json\" class=\"yoast-schema-graph\">{\"@context\":\"https:\\\/\\\/schema.org\",\"@graph\":[{\"@type\":\"WebPage\",\"@id\":\"https:\\\/\\\/glimsgloms.fi\\\/product\\\/mina-unohdin-miten-suuressa-talossa-asun-tekstin-talo-18-9-2026-klo-18-30\\\/\",\"url\":\"https:\\\/\\\/glimsgloms.fi\\\/product\\\/mina-unohdin-miten-suuressa-talossa-asun-tekstin-talo-18-9-2026-klo-18-30\\\/\",\"name\":\"Min\u00e4 unohdin miten suuressa talossa asun \\\/ Tekstin talo 18.9.2026, klo 18.30 - GLIMS &amp; GLOMS\",\"isPartOf\":{\"@id\":\"https:\\\/\\\/glimsgloms.fi\\\/#website\"},\"primaryImageOfPage\":{\"@id\":\"https:\\\/\\\/glimsgloms.fi\\\/product\\\/mina-unohdin-miten-suuressa-talossa-asun-tekstin-talo-18-9-2026-klo-18-30\\\/#primaryimage\"},\"image\":{\"@id\":\"https:\\\/\\\/glimsgloms.fi\\\/product\\\/mina-unohdin-miten-suuressa-talossa-asun-tekstin-talo-18-9-2026-klo-18-30\\\/#primaryimage\"},\"thumbnailUrl\":\"https:\\\/\\\/glimsgloms.fi\\\/wp-content\\\/uploads\\\/2022\\\/01\\\/katse-alas-scaled.jpg\",\"datePublished\":\"2026-04-28T13:23:52+00:00\",\"dateModified\":\"2026-04-29T07:39:58+00:00\",\"breadcrumb\":{\"@id\":\"https:\\\/\\\/glimsgloms.fi\\\/product\\\/mina-unohdin-miten-suuressa-talossa-asun-tekstin-talo-18-9-2026-klo-18-30\\\/#breadcrumb\"},\"inLanguage\":\"sv-SE\",\"potentialAction\":[{\"@type\":\"ReadAction\",\"target\":[\"https:\\\/\\\/glimsgloms.fi\\\/product\\\/mina-unohdin-miten-suuressa-talossa-asun-tekstin-talo-18-9-2026-klo-18-30\\\/\"]}]},{\"@type\":\"ImageObject\",\"inLanguage\":\"sv-SE\",\"@id\":\"https:\\\/\\\/glimsgloms.fi\\\/product\\\/mina-unohdin-miten-suuressa-talossa-asun-tekstin-talo-18-9-2026-klo-18-30\\\/#primaryimage\",\"url\":\"https:\\\/\\\/glimsgloms.fi\\\/wp-content\\\/uploads\\\/2022\\\/01\\\/katse-alas-scaled.jpg\",\"contentUrl\":\"https:\\\/\\\/glimsgloms.fi\\\/wp-content\\\/uploads\\\/2022\\\/01\\\/katse-alas-scaled.jpg\",\"width\":2560,\"height\":1611,\"caption\":\"Kuvassa on esiintyj\u00e4 Simo Heiskanen, joka katsoo alasp\u00e4in ojennettua k\u00e4tt\u00e4\u00e4n. Esiintyj\u00e4n taakse on projisoituna erilaisia runonp\u00e4tki\u00e4.\"},{\"@type\":\"BreadcrumbList\",\"@id\":\"https:\\\/\\\/glimsgloms.fi\\\/product\\\/mina-unohdin-miten-suuressa-talossa-asun-tekstin-talo-18-9-2026-klo-18-30\\\/#breadcrumb\",\"itemListElement\":[{\"@type\":\"ListItem\",\"position\":1,\"name\":\"Home\",\"item\":\"https:\\\/\\\/glimsgloms.fi\\\/sv\\\/\"},{\"@type\":\"ListItem\",\"position\":2,\"name\":\"Kauppa\",\"item\":\"https:\\\/\\\/glimsgloms.fi\\\/kauppa\\\/\"},{\"@type\":\"ListItem\",\"position\":3,\"name\":\"Min\u00e4 unohdin miten suuressa talossa asun \\\/ Tekstin talo 18.9.2026, klo 18.30\"}]},{\"@type\":\"WebSite\",\"@id\":\"https:\\\/\\\/glimsgloms.fi\\\/#website\",\"url\":\"https:\\\/\\\/glimsgloms.fi\\\/\",\"name\":\"GLIMS &amp; GLOMS\",\"description\":\"Dansteater f\u00f6r alla\",\"publisher\":{\"@id\":\"https:\\\/\\\/glimsgloms.fi\\\/#organization\"},\"potentialAction\":[{\"@type\":\"SearchAction\",\"target\":{\"@type\":\"EntryPoint\",\"urlTemplate\":\"https:\\\/\\\/glimsgloms.fi\\\/?s={search_term_string}\"},\"query-input\":{\"@type\":\"PropertyValueSpecification\",\"valueRequired\":true,\"valueName\":\"search_term_string\"}}],\"inLanguage\":\"sv-SE\"},{\"@type\":\"Organization\",\"@id\":\"https:\\\/\\\/glimsgloms.fi\\\/#organization\",\"name\":\"Tanssiteatteri Glims & Gloms - koko perheen teatteri Espoossa\",\"url\":\"https:\\\/\\\/glimsgloms.fi\\\/\",\"logo\":{\"@type\":\"ImageObject\",\"inLanguage\":\"sv-SE\",\"@id\":\"https:\\\/\\\/glimsgloms.fi\\\/#\\\/schema\\\/logo\\\/image\\\/\",\"url\":\"https:\\\/\\\/glimsgloms.fi\\\/wp-content\\\/uploads\\\/2020\\\/10\\\/cropped-GG-1.jpg\",\"contentUrl\":\"https:\\\/\\\/glimsgloms.fi\\\/wp-content\\\/uploads\\\/2020\\\/10\\\/cropped-GG-1.jpg\",\"width\":512,\"height\":512,\"caption\":\"Tanssiteatteri Glims & Gloms - koko perheen teatteri Espoossa\"},\"image\":{\"@id\":\"https:\\\/\\\/glimsgloms.fi\\\/#\\\/schema\\\/logo\\\/image\\\/\"},\"sameAs\":[\"https:\\\/\\\/www.facebook.com\\\/glimsgloms\",\"https:\\\/\\\/x.com\\\/Glimsgloms\",\"https:\\\/\\\/www.instagram.com\\\/glimsgloms\\\/\",\"https:\\\/\\\/www.linkedin.com\\\/company\\\/43366760\\\/admin\\\/\",\"https:\\\/\\\/www.youtube.com\\\/user\\\/GlimsGloms\",\"https:\\\/\\\/fi.wikipedia.org\\\/wiki\\\/Tanssiteatteri_Glims_&_Gloms\"]}]}<\/script>\n<!-- \/ Yoast SEO plugin. -->","yoast_head_json":{"title":"Min\u00e4 unohdin miten suuressa talossa asun \/ Tekstin talo 18.9.2026, klo 18.30 - GLIMS &amp; GLOMS","robots":{"index":"index","follow":"follow","max-snippet":"max-snippet:-1","max-image-preview":"max-image-preview:large","max-video-preview":"max-video-preview:-1"},"canonical":"https:\/\/glimsgloms.fi\/product\/mina-unohdin-miten-suuressa-talossa-asun-tekstin-talo-18-9-2026-klo-18-30\/","og_locale":"sv_SE","og_type":"article","og_title":"Min\u00e4 unohdin miten suuressa talossa asun \/ Tekstin talo 18.9.2026, klo 18.30 - GLIMS &amp; GLOMS","og_description":"Min\u00e4 unohdin miten suuressa talossa asun -n\u00e4ytt\u00e4m\u00f6teos on liikett\u00e4 ja ihmis\u00e4\u00e4nt\u00e4 yhdist\u00e4v\u00e4 esitys, jossa menneisyys, nykyhetki, eti\u00e4iset tulevasta kohtaavat. Esityksen kesto: 1h 40 min, sis. v\u00e4liajan Esityspaikka: Tekstin talo, Parvi-sali \/\u00a0\u00a0Lintulahdenkatu 3, 00530 Helsinki Peruslippu: 35 \u20ac Alennuslippu: 26 \u20ac (el\u00e4kel\u00e4iset, alle 25-vuotiaat, opiskelijat, ty\u00f6tt\u00f6m\u00e4t, siviilipalvelus- ja varushenkil\u00f6t.) Ammattilaislippu: 20 \u20ac (tilataan s\u00e4hk\u00f6postilla: melinda@glimsgloms.fi)","og_url":"https:\/\/glimsgloms.fi\/product\/mina-unohdin-miten-suuressa-talossa-asun-tekstin-talo-18-9-2026-klo-18-30\/","og_site_name":"GLIMS &amp; GLOMS","article_publisher":"https:\/\/www.facebook.com\/glimsgloms","article_modified_time":"2026-04-29T07:39:58+00:00","og_image":[{"width":2560,"height":1611,"url":"https:\/\/glimsgloms.fi\/wp-content\/uploads\/2022\/01\/katse-alas-scaled.jpg","type":"image\/jpeg"}],"twitter_card":"summary_large_image","twitter_site":"@Glimsgloms","twitter_misc":{"Ber\u00e4knad l\u00e4stid":"1 minut"},"schema":{"@context":"https:\/\/schema.org","@graph":[{"@type":"WebPage","@id":"https:\/\/glimsgloms.fi\/product\/mina-unohdin-miten-suuressa-talossa-asun-tekstin-talo-18-9-2026-klo-18-30\/","url":"https:\/\/glimsgloms.fi\/product\/mina-unohdin-miten-suuressa-talossa-asun-tekstin-talo-18-9-2026-klo-18-30\/","name":"Min\u00e4 unohdin miten suuressa talossa asun \/ Tekstin talo 18.9.2026, klo 18.30 - GLIMS &amp; GLOMS","isPartOf":{"@id":"https:\/\/glimsgloms.fi\/#website"},"primaryImageOfPage":{"@id":"https:\/\/glimsgloms.fi\/product\/mina-unohdin-miten-suuressa-talossa-asun-tekstin-talo-18-9-2026-klo-18-30\/#primaryimage"},"image":{"@id":"https:\/\/glimsgloms.fi\/product\/mina-unohdin-miten-suuressa-talossa-asun-tekstin-talo-18-9-2026-klo-18-30\/#primaryimage"},"thumbnailUrl":"https:\/\/glimsgloms.fi\/wp-content\/uploads\/2022\/01\/katse-alas-scaled.jpg","datePublished":"2026-04-28T13:23:52+00:00","dateModified":"2026-04-29T07:39:58+00:00","breadcrumb":{"@id":"https:\/\/glimsgloms.fi\/product\/mina-unohdin-miten-suuressa-talossa-asun-tekstin-talo-18-9-2026-klo-18-30\/#breadcrumb"},"inLanguage":"sv-SE","potentialAction":[{"@type":"ReadAction","target":["https:\/\/glimsgloms.fi\/product\/mina-unohdin-miten-suuressa-talossa-asun-tekstin-talo-18-9-2026-klo-18-30\/"]}]},{"@type":"ImageObject","inLanguage":"sv-SE","@id":"https:\/\/glimsgloms.fi\/product\/mina-unohdin-miten-suuressa-talossa-asun-tekstin-talo-18-9-2026-klo-18-30\/#primaryimage","url":"https:\/\/glimsgloms.fi\/wp-content\/uploads\/2022\/01\/katse-alas-scaled.jpg","contentUrl":"https:\/\/glimsgloms.fi\/wp-content\/uploads\/2022\/01\/katse-alas-scaled.jpg","width":2560,"height":1611,"caption":"Kuvassa on esiintyj\u00e4 Simo Heiskanen, joka katsoo alasp\u00e4in ojennettua k\u00e4tt\u00e4\u00e4n. Esiintyj\u00e4n taakse on projisoituna erilaisia runonp\u00e4tki\u00e4."},{"@type":"BreadcrumbList","@id":"https:\/\/glimsgloms.fi\/product\/mina-unohdin-miten-suuressa-talossa-asun-tekstin-talo-18-9-2026-klo-18-30\/#breadcrumb","itemListElement":[{"@type":"ListItem","position":1,"name":"Home","item":"https:\/\/glimsgloms.fi\/sv\/"},{"@type":"ListItem","position":2,"name":"Kauppa","item":"https:\/\/glimsgloms.fi\/kauppa\/"},{"@type":"ListItem","position":3,"name":"Min\u00e4 unohdin miten suuressa talossa asun \/ Tekstin talo 18.9.2026, klo 18.30"}]},{"@type":"WebSite","@id":"https:\/\/glimsgloms.fi\/#website","url":"https:\/\/glimsgloms.fi\/","name":"GLIMS &amp; GLOMS","description":"Dansteater f\u00f6r alla","publisher":{"@id":"https:\/\/glimsgloms.fi\/#organization"},"potentialAction":[{"@type":"SearchAction","target":{"@type":"EntryPoint","urlTemplate":"https:\/\/glimsgloms.fi\/?s={search_term_string}"},"query-input":{"@type":"PropertyValueSpecification","valueRequired":true,"valueName":"search_term_string"}}],"inLanguage":"sv-SE"},{"@type":"Organization","@id":"https:\/\/glimsgloms.fi\/#organization","name":"Tanssiteatteri Glims & Gloms - koko perheen teatteri Espoossa","url":"https:\/\/glimsgloms.fi\/","logo":{"@type":"ImageObject","inLanguage":"sv-SE","@id":"https:\/\/glimsgloms.fi\/#\/schema\/logo\/image\/","url":"https:\/\/glimsgloms.fi\/wp-content\/uploads\/2020\/10\/cropped-GG-1.jpg","contentUrl":"https:\/\/glimsgloms.fi\/wp-content\/uploads\/2020\/10\/cropped-GG-1.jpg","width":512,"height":512,"caption":"Tanssiteatteri Glims & Gloms - koko perheen teatteri Espoossa"},"image":{"@id":"https:\/\/glimsgloms.fi\/#\/schema\/logo\/image\/"},"sameAs":["https:\/\/www.facebook.com\/glimsgloms","https:\/\/x.com\/Glimsgloms","https:\/\/www.instagram.com\/glimsgloms\/","https:\/\/www.linkedin.com\/company\/43366760\/admin\/","https:\/\/www.youtube.com\/user\/GlimsGloms","https:\/\/fi.wikipedia.org\/wiki\/Tanssiteatteri_Glims_&_Gloms"]}]}},"taxonomy_info":{"product_cat":[{"value":29,"label":"P\u00e4\u00e4syliput"}],"esityskategoria":[{"value":40,"label":"Min\u00e4 unohdin miten suuressa talossa asun"}]},"featured_image_src_large":["https:\/\/glimsgloms.fi\/wp-content\/uploads\/2022\/01\/katse-alas-1024x645.jpg",1024,645,true],"author_info":{"display_name":"melinda","author_link":"https:\/\/glimsgloms.fi\/sv\/author\/melinda\/"},"comment_info":"","_links":{"self":[{"href":"https:\/\/glimsgloms.fi\/sv\/wp-json\/wp\/v2\/product\/7047","targetHints":{"allow":["GET"]}}],"collection":[{"href":"https:\/\/glimsgloms.fi\/sv\/wp-json\/wp\/v2\/product"}],"about":[{"href":"https:\/\/glimsgloms.fi\/sv\/wp-json\/wp\/v2\/types\/product"}],"author":[{"embeddable":true,"href":"https:\/\/glimsgloms.fi\/sv\/wp-json\/wp\/v2\/users\/9"}],"wp:featuredmedia":[{"embeddable":true,"href":"https:\/\/glimsgloms.fi\/sv\/wp-json\/wp\/v2\/media\/3694"}],"wp:attachment":[{"href":"https:\/\/glimsgloms.fi\/sv\/wp-json\/wp\/v2\/media?parent=7047"}],"wp:term":[{"taxonomy":"product_brand","embeddable":true,"href":"https:\/\/glimsgloms.fi\/sv\/wp-json\/wp\/v2\/product_brand?post=7047"},{"taxonomy":"product_cat","embeddable":true,"href":"https:\/\/glimsgloms.fi\/sv\/wp-json\/wp\/v2\/product_cat?post=7047"},{"taxonomy":"product_tag","embeddable":true,"href":"https:\/\/glimsgloms.fi\/sv\/wp-json\/wp\/v2\/product_tag?post=7047"},{"taxonomy":"esityskategoria","embeddable":true,"href":"https:\/\/glimsgloms.fi\/sv\/wp-json\/wp\/v2\/esityskategoria?post=7047"}],"curies":[{"name":"wp","href":"https:\/\/api.w.org\/{rel}","templated":true}]}}